{"id":1571,"date":"2020-06-23T16:39:04","date_gmt":"2020-06-23T14:39:04","guid":{"rendered":"http:\/\/poleressourceshandicap49.fr\/?page_id=1571"},"modified":"2020-08-19T10:21:35","modified_gmt":"2020-08-19T08:21:35","slug":"etre-accompagne-e-familles","status":"publish","type":"page","link":"https:\/\/poleressourceshandicap49.fr\/index.php\/etre-accompagne-e-familles\/","title":{"rendered":"\u00catre accompagn\u00e9\u00b7e"},"content":{"rendered":"\t\t<div data-elementor-type=\"wp-page\" data-elementor-id=\"1571\" class=\"elementor elementor-1571\">\n\t\t\t\t\t\t<section class=\"elementor-section elementor-top-section elementor-element elementor-element-56fa2bd4 elementor-section-content-middle elementor-section-stretched elementor-section-boxed elementor-section-height-default elementor-section-height-default\" data-id=\"56fa2bd4\" data-element_type=\"section\" data-e-type=\"section\" data-settings=\"{&quot;background_background&quot;:&quot;classic&quot;,&quot;stretch_section&quot;:&quot;section-stretched&quot;}\">\n\t\t\t\t\t\t\t<div class=\"elementor-background-overlay\"><\/div>\n\t\t\t\t\t\t\t<div class=\"elementor-container elementor-column-gap-wide\">\n\t\t\t\t\t<div class=\"elementor-column elementor-col-100 elementor-top-column elementor-element elementor-element-373e1a81\" data-id=\"373e1a81\" data-element_type=\"column\" data-e-type=\"column\">\n\t\t\t<div class=\"elementor-widget-wrap elementor-element-populated\">\n\t\t\t\t\t\t<div class=\"elementor-element elementor-element-774adaa0 elementor-widget elementor-widget-heading\" data-id=\"774adaa0\" data-element_type=\"widget\" data-e-type=\"widget\" data-widget_type=\"heading.default\">\n\t\t\t\t<div class=\"elementor-widget-container\">\n\t\t\t\t\t<h2 class=\"elementor-heading-title elementor-size-default\">\u00catre accompagn\u00c9\u00b7e<\/h2>\t\t\t\t<\/div>\n\t\t\t\t<\/div>\n\t\t\t\t<div class=\"elementor-element elementor-element-53ede354 elementor-widget-divider--view-line elementor-widget elementor-widget-divider\" data-id=\"53ede354\" data-element_type=\"widget\" data-e-type=\"widget\" data-widget_type=\"divider.default\">\n\t\t\t\t<div class=\"elementor-widget-container\">\n\t\t\t\t\t\t\t<div class=\"elementor-divider\">\n\t\t\t<span class=\"elementor-divider-separator\">\n\t\t\t\t\t\t<\/span>\n\t\t<\/div>\n\t\t\t\t\t\t<\/div>\n\t\t\t\t<\/div>\n\t\t\t\t<div class=\"elementor-element elementor-element-3aa71d05 elementor-widget elementor-widget-heading\" data-id=\"3aa71d05\" data-element_type=\"widget\" data-e-type=\"widget\" data-widget_type=\"heading.default\">\n\t\t\t\t<div class=\"elementor-widget-container\">\n\t\t\t\t\t<h3 class=\"elementor-heading-title elementor-size-default\">Nous vous accompagnons dans vos d\u00e9marches<\/h3>\t\t\t\t<\/div>\n\t\t\t\t<\/div>\n\t\t\t\t\t<\/div>\n\t\t<\/div>\n\t\t\t\t\t<\/div>\n\t\t<\/section>\n\t\t\t\t<section class=\"elementor-section elementor-top-section elementor-element elementor-element-6bbbc93 elementor-section-boxed elementor-section-height-default elementor-section-height-default\" data-id=\"6bbbc93\" data-element_type=\"section\" data-e-type=\"section\">\n\t\t\t\t\t\t<div class=\"elementor-container elementor-column-gap-default\">\n\t\t\t\t\t<div class=\"elementor-column elementor-col-100 elementor-top-column elementor-element elementor-element-b81e221\" data-id=\"b81e221\" data-element_type=\"column\" data-e-type=\"column\">\n\t\t\t<div class=\"elementor-widget-wrap elementor-element-populated\">\n\t\t\t\t\t\t<div class=\"elementor-element elementor-element-5bb8aba elementor-widget elementor-widget-text-editor\" data-id=\"5bb8aba\" data-element_type=\"widget\" data-e-type=\"widget\" data-widget_type=\"text-editor.default\">\n\t\t\t\t<div class=\"elementor-widget-container\">\n\t\t\t\t\t\t\t\t\t<p>Vous \u00eates parent d\u2019un enfant en situation de handicap ou dans une d\u00e9marche de reconnaissance et vous avez besoin de lui trouver une structure d\u2019accueil ? Le P\u00f4le d\u2019Appui et de Ressources Handicap 49 vous accompagne dans votre d\u00e9marche.<\/p>\t\t\t\t\t\t\t\t<\/div>\n\t\t\t\t<\/div>\n\t\t\t\t\t<\/div>\n\t\t<\/div>\n\t\t\t\t\t<\/div>\n\t\t<\/section>\n\t\t\t\t<section class=\"elementor-section elementor-top-section elementor-element elementor-element-25b618c3 elementor-section-boxed elementor-section-height-default elementor-section-height-default\" data-id=\"25b618c3\" data-element_type=\"section\" data-e-type=\"section\" data-settings=\"{&quot;background_background&quot;:&quot;classic&quot;}\">\n\t\t\t\t\t\t<div class=\"elementor-container elementor-column-gap-default\">\n\t\t\t\t\t<div class=\"elementor-column elementor-col-100 elementor-top-column elementor-element elementor-element-73ba8f94\" data-id=\"73ba8f94\" data-element_type=\"column\" data-e-type=\"column\">\n\t\t\t<div class=\"elementor-widget-wrap elementor-element-populated\">\n\t\t\t\t\t\t<div class=\"elementor-element elementor-element-4e77711c elementor-widget elementor-widget-heading\" data-id=\"4e77711c\" data-element_type=\"widget\" data-e-type=\"widget\" data-widget_type=\"heading.default\">\n\t\t\t\t<div class=\"elementor-widget-container\">\n\t\t\t\t\t<h3 class=\"elementor-heading-title elementor-size-default\">Notre d\u00e9marche personnalis\u00e9e<\/h3>\t\t\t\t<\/div>\n\t\t\t\t<\/div>\n\t\t\t\t<div class=\"elementor-element elementor-element-3348e867 elementor-widget-divider--view-line elementor-widget elementor-widget-divider\" data-id=\"3348e867\" data-element_type=\"widget\" data-e-type=\"widget\" data-widget_type=\"divider.default\">\n\t\t\t\t<div class=\"elementor-widget-container\">\n\t\t\t\t\t\t\t<div class=\"elementor-divider\">\n\t\t\t<span class=\"elementor-divider-separator\">\n\t\t\t\t\t\t<\/span>\n\t\t<\/div>\n\t\t\t\t\t\t<\/div>\n\t\t\t\t<\/div>\n\t\t\t\t<section class=\"elementor-section elementor-inner-section elementor-element elementor-element-5a7d682f elementor-section-content-top elementor-section-boxed elementor-section-height-default elementor-section-height-default\" data-id=\"5a7d682f\" data-element_type=\"section\" data-e-type=\"section\">\n\t\t\t\t\t\t<div class=\"elementor-container elementor-column-gap-extended\">\n\t\t\t\t\t<div class=\"elementor-column elementor-col-33 elementor-inner-column elementor-element elementor-element-114f6fe1\" data-id=\"114f6fe1\" data-element_type=\"column\" data-e-type=\"column\">\n\t\t\t<div class=\"elementor-widget-wrap elementor-element-populated\">\n\t\t\t\t\t\t<div class=\"elementor-element elementor-element-603a63f8 elementor-widget elementor-widget-heading\" data-id=\"603a63f8\" data-element_type=\"widget\" data-e-type=\"widget\" data-widget_type=\"heading.default\">\n\t\t\t\t<div class=\"elementor-widget-container\">\n\t\t\t\t\t<h3 class=\"elementor-heading-title elementor-size-medium\">1. Accueillir \/ Informer<\/h3>\t\t\t\t<\/div>\n\t\t\t\t<\/div>\n\t\t\t\t<div class=\"elementor-element elementor-element-10dacd11 elementor-widget elementor-widget-text-editor\" data-id=\"10dacd11\" data-element_type=\"widget\" data-e-type=\"widget\" data-widget_type=\"text-editor.default\">\n\t\t\t\t<div class=\"elementor-widget-container\">\n\t\t\t\t\t\t\t\t\t<p>Notre \u00e9quipe prend le temps de recueillir vos attentes, besoins et ceux de votre enfant lors d&rsquo;un premier \u00e9change.<\/p>\t\t\t\t\t\t\t\t<\/div>\n\t\t\t\t<\/div>\n\t\t\t\t<div class=\"elementor-element elementor-element-61168a4 elementor-align-center elementor-widget elementor-widget-button\" data-id=\"61168a4\" data-element_type=\"widget\" data-e-type=\"widget\" data-widget_type=\"button.default\">\n\t\t\t\t<div class=\"elementor-widget-container\">\n\t\t\t\t\t\t\t\t\t<div class=\"elementor-button-wrapper\">\n\t\t\t\t\t<a class=\"elementor-button elementor-button-link elementor-size-sm\" href=\"http:\/\/poleressourceshandicap49.fr\/index.php\/nous-contacter\/\">\n\t\t\t\t\t\t<span class=\"elementor-button-content-wrapper\">\n\t\t\t\t\t\t\t\t\t<span class=\"elementor-button-text\">Nous contacter<\/span>\n\t\t\t\t\t<\/span>\n\t\t\t\t\t<\/a>\n\t\t\t\t<\/div>\n\t\t\t\t\t\t\t\t<\/div>\n\t\t\t\t<\/div>\n\t\t\t\t\t<\/div>\n\t\t<\/div>\n\t\t\t\t<div class=\"elementor-column elementor-col-33 elementor-inner-column elementor-element elementor-element-67933507\" data-id=\"67933507\" data-element_type=\"column\" data-e-type=\"column\">\n\t\t\t<div class=\"elementor-widget-wrap elementor-element-populated\">\n\t\t\t\t\t\t<div class=\"elementor-element elementor-element-4525a57a elementor-widget elementor-widget-heading\" data-id=\"4525a57a\" data-element_type=\"widget\" data-e-type=\"widget\" data-widget_type=\"heading.default\">\n\t\t\t\t<div class=\"elementor-widget-container\">\n\t\t\t\t\t<h3 class=\"elementor-heading-title elementor-size-medium\">2. Orienter<\/h3>\t\t\t\t<\/div>\n\t\t\t\t<\/div>\n\t\t\t\t<div class=\"elementor-element elementor-element-564c650f elementor-widget elementor-widget-text-editor\" data-id=\"564c650f\" data-element_type=\"widget\" data-e-type=\"widget\" data-widget_type=\"text-editor.default\">\n\t\t\t\t<div class=\"elementor-widget-container\">\n\t\t\t\t\t\t\t\t\t<p>Suite \u00e0 cette prise de contact, nous pourrons\u00a0<span style=\"font-size: 15px;\">vous accompagner vers des relais d&rsquo;assistants maternels, des structures d&rsquo;accueil du jeune enfant, des accueils de loisirs ou vers des clubs sportifs.\u00a0<\/span><\/p>\t\t\t\t\t\t\t\t<\/div>\n\t\t\t\t<\/div>\n\t\t\t\t\t<\/div>\n\t\t<\/div>\n\t\t\t\t<div class=\"elementor-column elementor-col-33 elementor-inner-column elementor-element elementor-element-6c77d646\" data-id=\"6c77d646\" data-element_type=\"column\" data-e-type=\"column\">\n\t\t\t<div class=\"elementor-widget-wrap elementor-element-populated\">\n\t\t\t\t\t\t<div class=\"elementor-element elementor-element-278ecd8b elementor-widget elementor-widget-heading\" data-id=\"278ecd8b\" data-element_type=\"widget\" data-e-type=\"widget\" data-widget_type=\"heading.default\">\n\t\t\t\t<div class=\"elementor-widget-container\">\n\t\t\t\t\t<h3 class=\"elementor-heading-title elementor-size-medium\">3. Aider<\/h3>\t\t\t\t<\/div>\n\t\t\t\t<\/div>\n\t\t\t\t<div class=\"elementor-element elementor-element-685a9c2b elementor-widget elementor-widget-text-editor\" data-id=\"685a9c2b\" data-element_type=\"widget\" data-e-type=\"widget\" data-widget_type=\"text-editor.default\">\n\t\t\t\t<div class=\"elementor-widget-container\">\n\t\t\t\t\t\t\t\t\t<p>Notre \u00e9quipe sera disponible tout au long de l\u2019accueil de votre enfant, s\u2019il y a des changements ou des questions.\u00a0<\/p><p>Une rencontre sera organis\u00e9e avec vous et votre enfant afin d\u2019\u00e9changer sur ses besoins pour l\u2019accompagner au mieux dans la structure\u00a0<span style=\"font-size: 15px;\">qui lui convient.\u00a0<\/span><\/p><p>Un lien sera \u00e9tabli avec les professionnel\u00b7le\u00b7s qui accueilleront votre enfant.<\/p>\t\t\t\t\t\t\t\t<\/div>\n\t\t\t\t<\/div>\n\t\t\t\t\t<\/div>\n\t\t<\/div>\n\t\t\t\t\t<\/div>\n\t\t<\/section>\n\t\t\t\t\t<\/div>\n\t\t<\/div>\n\t\t\t\t\t<\/div>\n\t\t<\/section>\n\t\t\t\t<\/div>\n\t\t","protected":false},"excerpt":{"rendered":"<p>\u00catre accompagn\u00c9\u00b7e Nous vous accompagnons dans vos d\u00e9marches Vous \u00eates parent d\u2019un enfant en situation de handicap ou dans une d\u00e9marche de reconnaissance et vous avez besoin de lui trouver une structure d\u2019accueil ? Le P\u00f4le d\u2019Appui et de Ressources Handicap 49 vous accompagne dans votre d\u00e9marche. Notre d\u00e9marche personnalis\u00e9e 1. Accueillir \/ Informer Notre &hellip;<\/p>\n<p class=\"read-more\"> <a class=\"\" href=\"https:\/\/poleressourceshandicap49.fr\/index.php\/etre-accompagne-e-familles\/\"> <span class=\"screen-reader-text\">\u00catre accompagn\u00e9\u00b7e<\/span> Lire la suite\u00a0\u00bb<\/a><\/p>\n","protected":false},"author":1,"featured_media":0,"parent":0,"menu_order":0,"comment_status":"closed","ping_status":"closed","template":"","meta":{"site-sidebar-layout":"no-sidebar","site-content-layout":"page-builder","ast-main-header-display":"","ast-hfb-above-header-display":"","ast-hfb-below-header-display":"","ast-hfb-mobile-header-display":"","site-post-title":"disabled","ast-breadcrumbs-content":"","ast-featured-img":"disabled","footer-sml-layout":"","theme-transparent-header-meta":"default","adv-header-id-meta":"","stick-header-meta":"","header-above-stick-meta":"","header-main-stick-meta":"","header-below-stick-meta":"","footnotes":""},"class_list":["post-1571","page","type-page","status-publish","hentry"],"yoast_head":"<!-- This site is optimized with the Yoast SEO plugin v27.4 - https:\/\/yoast.com\/product\/yoast-seo-wordpress\/ -->\n<title>\u00catre accompagn\u00e9\u00b7e - P\u00f4le d&#039;Appui et de Ressources Handicap 49<\/title>\n<meta name=\"robots\" content=\"index, follow, max-snippet:-1, max-image-preview:large, max-video-preview:-1\" \/>\n<link rel=\"canonical\" href=\"https:\/\/poleressourceshandicap49.fr\/index.php\/etre-accompagne-e-familles\/\" \/>\n<meta property=\"og:locale\" content=\"fr_FR\" \/>\n<meta property=\"og:type\" content=\"article\" \/>\n<meta property=\"og:title\" content=\"\u00catre accompagn\u00e9\u00b7e - P\u00f4le d&#039;Appui et de Ressources Handicap 49\" \/>\n<meta property=\"og:description\" content=\"\u00catre accompagn\u00c9\u00b7e Nous vous accompagnons dans vos d\u00e9marches Vous \u00eates parent d\u2019un enfant en situation de handicap ou dans une d\u00e9marche de reconnaissance et vous avez besoin de lui trouver une structure d\u2019accueil ? Le P\u00f4le d\u2019Appui et de Ressources Handicap 49 vous accompagne dans votre d\u00e9marche. Notre d\u00e9marche personnalis\u00e9e 1. Accueillir \/ Informer Notre &hellip; \u00catre accompagn\u00e9\u00b7e Lire la suite\u00a0\u00bb\" \/>\n<meta property=\"og:url\" content=\"https:\/\/poleressourceshandicap49.fr\/index.php\/etre-accompagne-e-familles\/\" \/>\n<meta property=\"og:site_name\" content=\"P\u00f4le d&#039;Appui et de Ressources Handicap 49\" \/>\n<meta property=\"article:publisher\" content=\"https:\/\/www.facebook.com\/P%c3%b4le-dAppui-et-de-Ressources-Handicap-49-108917610902286\" \/>\n<meta property=\"article:modified_time\" content=\"2020-08-19T08:21:35+00:00\" \/>\n<meta name=\"twitter:card\" content=\"summary_large_image\" \/>\n<meta name=\"twitter:label1\" content=\"Dur\u00e9e de lecture estim\u00e9e\" \/>\n\t<meta name=\"twitter:data1\" content=\"1 minute\" \/>\n<script type=\"application\/ld+json\" class=\"yoast-schema-graph\">{\"@context\":\"https:\\\/\\\/schema.org\",\"@graph\":[{\"@type\":\"WebPage\",\"@id\":\"https:\\\/\\\/poleressourceshandicap49.fr\\\/index.php\\\/etre-accompagne-e-familles\\\/\",\"url\":\"https:\\\/\\\/poleressourceshandicap49.fr\\\/index.php\\\/etre-accompagne-e-familles\\\/\",\"name\":\"\u00catre accompagn\u00e9\u00b7e - P\u00f4le d&#039;Appui et de Ressources Handicap 49\",\"isPartOf\":{\"@id\":\"https:\\\/\\\/poleressourceshandicap49.fr\\\/#website\"},\"datePublished\":\"2020-06-23T14:39:04+00:00\",\"dateModified\":\"2020-08-19T08:21:35+00:00\",\"breadcrumb\":{\"@id\":\"https:\\\/\\\/poleressourceshandicap49.fr\\\/index.php\\\/etre-accompagne-e-familles\\\/#breadcrumb\"},\"inLanguage\":\"fr-FR\",\"potentialAction\":[{\"@type\":\"ReadAction\",\"target\":[\"https:\\\/\\\/poleressourceshandicap49.fr\\\/index.php\\\/etre-accompagne-e-familles\\\/\"]}]},{\"@type\":\"BreadcrumbList\",\"@id\":\"https:\\\/\\\/poleressourceshandicap49.fr\\\/index.php\\\/etre-accompagne-e-familles\\\/#breadcrumb\",\"itemListElement\":[{\"@type\":\"ListItem\",\"position\":1,\"name\":\"Accueil\",\"item\":\"https:\\\/\\\/poleressourceshandicap49.fr\\\/\"},{\"@type\":\"ListItem\",\"position\":2,\"name\":\"\u00catre accompagn\u00e9\u00b7e\"}]},{\"@type\":\"WebSite\",\"@id\":\"https:\\\/\\\/poleressourceshandicap49.fr\\\/#website\",\"url\":\"https:\\\/\\\/poleressourceshandicap49.fr\\\/\",\"name\":\"P\u00f4le d'Appui et de Ressources Handicap 49\",\"description\":\"Service d\u00e9di\u00e9 aux familles et aux professionnels de la petite enfance, de l animation et de clubs sportifs\",\"publisher\":{\"@id\":\"https:\\\/\\\/poleressourceshandicap49.fr\\\/#organization\"},\"potentialAction\":[{\"@type\":\"SearchAction\",\"target\":{\"@type\":\"EntryPoint\",\"urlTemplate\":\"https:\\\/\\\/poleressourceshandicap49.fr\\\/?s={search_term_string}\"},\"query-input\":{\"@type\":\"PropertyValueSpecification\",\"valueRequired\":true,\"valueName\":\"search_term_string\"}}],\"inLanguage\":\"fr-FR\"},{\"@type\":\"Organization\",\"@id\":\"https:\\\/\\\/poleressourceshandicap49.fr\\\/#organization\",\"name\":\"P\u00f4le d'Appui et de Ressources Handicap 49\",\"url\":\"https:\\\/\\\/poleressourceshandicap49.fr\\\/\",\"logo\":{\"@type\":\"ImageObject\",\"inLanguage\":\"fr-FR\",\"@id\":\"https:\\\/\\\/poleressourceshandicap49.fr\\\/#\\\/schema\\\/logo\\\/image\\\/\",\"url\":\"http:\\\/\\\/poleressourceshandicap49.fr\\\/wp-content\\\/uploads\\\/2020\\\/06\\\/Logo-Pole-dAppui-et-de-Ressources-Handicap-49-scaled-e1592996402341.jpg\",\"contentUrl\":\"http:\\\/\\\/poleressourceshandicap49.fr\\\/wp-content\\\/uploads\\\/2020\\\/06\\\/Logo-Pole-dAppui-et-de-Ressources-Handicap-49-scaled-e1592996402341.jpg\",\"width\":200,\"height\":211,\"caption\":\"P\u00f4le d'Appui et de Ressources Handicap 49\"},\"image\":{\"@id\":\"https:\\\/\\\/poleressourceshandicap49.fr\\\/#\\\/schema\\\/logo\\\/image\\\/\"},\"sameAs\":[\"https:\\\/\\\/www.facebook.com\\\/P\u00f4le-dAppui-et-de-Ressources-Handicap-49-108917610902286\",\"https:\\\/\\\/www.youtube.com\\\/channel\\\/UCM1d4YPElEjLn1TAOvP7OtA\\\/\"]}]}<\/script>\n<!-- \/ Yoast SEO plugin. -->","yoast_head_json":{"title":"\u00catre accompagn\u00e9\u00b7e - P\u00f4le d&#039;Appui et de Ressources Handicap 49","robots":{"index":"index","follow":"follow","max-snippet":"max-snippet:-1","max-image-preview":"max-image-preview:large","max-video-preview":"max-video-preview:-1"},"canonical":"https:\/\/poleressourceshandicap49.fr\/index.php\/etre-accompagne-e-familles\/","og_locale":"fr_FR","og_type":"article","og_title":"\u00catre accompagn\u00e9\u00b7e - P\u00f4le d&#039;Appui et de Ressources Handicap 49","og_description":"\u00catre accompagn\u00c9\u00b7e Nous vous accompagnons dans vos d\u00e9marches Vous \u00eates parent d\u2019un enfant en situation de handicap ou dans une d\u00e9marche de reconnaissance et vous avez besoin de lui trouver une structure d\u2019accueil ? Le P\u00f4le d\u2019Appui et de Ressources Handicap 49 vous accompagne dans votre d\u00e9marche. Notre d\u00e9marche personnalis\u00e9e 1. Accueillir \/ Informer Notre &hellip; \u00catre accompagn\u00e9\u00b7e Lire la suite\u00a0\u00bb","og_url":"https:\/\/poleressourceshandicap49.fr\/index.php\/etre-accompagne-e-familles\/","og_site_name":"P\u00f4le d&#039;Appui et de Ressources Handicap 49","article_publisher":"https:\/\/www.facebook.com\/P%c3%b4le-dAppui-et-de-Ressources-Handicap-49-108917610902286","article_modified_time":"2020-08-19T08:21:35+00:00","twitter_card":"summary_large_image","twitter_misc":{"Dur\u00e9e de lecture estim\u00e9e":"1 minute"},"schema":{"@context":"https:\/\/schema.org","@graph":[{"@type":"WebPage","@id":"https:\/\/poleressourceshandicap49.fr\/index.php\/etre-accompagne-e-familles\/","url":"https:\/\/poleressourceshandicap49.fr\/index.php\/etre-accompagne-e-familles\/","name":"\u00catre accompagn\u00e9\u00b7e - P\u00f4le d&#039;Appui et de Ressources Handicap 49","isPartOf":{"@id":"https:\/\/poleressourceshandicap49.fr\/#website"},"datePublished":"2020-06-23T14:39:04+00:00","dateModified":"2020-08-19T08:21:35+00:00","breadcrumb":{"@id":"https:\/\/poleressourceshandicap49.fr\/index.php\/etre-accompagne-e-familles\/#breadcrumb"},"inLanguage":"fr-FR","potentialAction":[{"@type":"ReadAction","target":["https:\/\/poleressourceshandicap49.fr\/index.php\/etre-accompagne-e-familles\/"]}]},{"@type":"BreadcrumbList","@id":"https:\/\/poleressourceshandicap49.fr\/index.php\/etre-accompagne-e-familles\/#breadcrumb","itemListElement":[{"@type":"ListItem","position":1,"name":"Accueil","item":"https:\/\/poleressourceshandicap49.fr\/"},{"@type":"ListItem","position":2,"name":"\u00catre accompagn\u00e9\u00b7e"}]},{"@type":"WebSite","@id":"https:\/\/poleressourceshandicap49.fr\/#website","url":"https:\/\/poleressourceshandicap49.fr\/","name":"P\u00f4le d'Appui et de Ressources Handicap 49","description":"Service d\u00e9di\u00e9 aux familles et aux professionnels de la petite enfance, de l animation et de clubs sportifs","publisher":{"@id":"https:\/\/poleressourceshandicap49.fr\/#organization"},"potentialAction":[{"@type":"SearchAction","target":{"@type":"EntryPoint","urlTemplate":"https:\/\/poleressourceshandicap49.fr\/?s={search_term_string}"},"query-input":{"@type":"PropertyValueSpecification","valueRequired":true,"valueName":"search_term_string"}}],"inLanguage":"fr-FR"},{"@type":"Organization","@id":"https:\/\/poleressourceshandicap49.fr\/#organization","name":"P\u00f4le d'Appui et de Ressources Handicap 49","url":"https:\/\/poleressourceshandicap49.fr\/","logo":{"@type":"ImageObject","inLanguage":"fr-FR","@id":"https:\/\/poleressourceshandicap49.fr\/#\/schema\/logo\/image\/","url":"http:\/\/poleressourceshandicap49.fr\/wp-content\/uploads\/2020\/06\/Logo-Pole-dAppui-et-de-Ressources-Handicap-49-scaled-e1592996402341.jpg","contentUrl":"http:\/\/poleressourceshandicap49.fr\/wp-content\/uploads\/2020\/06\/Logo-Pole-dAppui-et-de-Ressources-Handicap-49-scaled-e1592996402341.jpg","width":200,"height":211,"caption":"P\u00f4le d'Appui et de Ressources Handicap 49"},"image":{"@id":"https:\/\/poleressourceshandicap49.fr\/#\/schema\/logo\/image\/"},"sameAs":["https:\/\/www.facebook.com\/P\u00f4le-dAppui-et-de-Ressources-Handicap-49-108917610902286","https:\/\/www.youtube.com\/channel\/UCM1d4YPElEjLn1TAOvP7OtA\/"]}]}},"_links":{"self":[{"href":"https:\/\/poleressourceshandicap49.fr\/index.php\/wp-json\/wp\/v2\/pages\/1571","targetHints":{"allow":["GET"]}}],"collection":[{"href":"https:\/\/poleressourceshandicap49.fr\/index.php\/wp-json\/wp\/v2\/pages"}],"about":[{"href":"https:\/\/poleressourceshandicap49.fr\/index.php\/wp-json\/wp\/v2\/types\/page"}],"author":[{"embeddable":true,"href":"https:\/\/poleressourceshandicap49.fr\/index.php\/wp-json\/wp\/v2\/users\/1"}],"replies":[{"embeddable":true,"href":"https:\/\/poleressourceshandicap49.fr\/index.php\/wp-json\/wp\/v2\/comments?post=1571"}],"version-history":[{"count":19,"href":"https:\/\/poleressourceshandicap49.fr\/index.php\/wp-json\/wp\/v2\/pages\/1571\/revisions"}],"predecessor-version":[{"id":2379,"href":"https:\/\/poleressourceshandicap49.fr\/index.php\/wp-json\/wp\/v2\/pages\/1571\/revisions\/2379"}],"wp:attachment":[{"href":"https:\/\/poleressourceshandicap49.fr\/index.php\/wp-json\/wp\/v2\/media?parent=1571"}],"curies":[{"name":"wp","href":"https:\/\/api.w.org\/{rel}","templated":true}]}}