{"id":1520,"date":"2020-06-23T15:13:21","date_gmt":"2020-06-23T13:13:21","guid":{"rendered":"http:\/\/poleressourceshandicap49.fr\/?page_id=1520"},"modified":"2025-07-30T12:29:07","modified_gmt":"2025-07-30T10:29:07","slug":"reserver-une-malle-pedagogique-familles","status":"publish","type":"page","link":"https:\/\/poleressourceshandicap49.fr\/index.php\/reserver-une-malle-pedagogique-familles\/","title":{"rendered":"R\u00e9server une malle p\u00e9dagogique"},"content":{"rendered":"\t\t<div data-elementor-type=\"wp-page\" data-elementor-id=\"1520\" class=\"elementor elementor-1520\">\n\t\t\t\t\t\t<section class=\"elementor-section elementor-top-section elementor-element elementor-element-aa80db9 elementor-section-content-middle elementor-section-stretched elementor-section-boxed elementor-section-height-default elementor-section-height-default\" data-id=\"aa80db9\" data-element_type=\"section\" data-e-type=\"section\" data-settings=\"{&quot;background_background&quot;:&quot;classic&quot;,&quot;stretch_section&quot;:&quot;section-stretched&quot;}\">\n\t\t\t\t\t\t\t<div class=\"elementor-background-overlay\"><\/div>\n\t\t\t\t\t\t\t<div class=\"elementor-container elementor-column-gap-wide\">\n\t\t\t\t\t<div class=\"elementor-column elementor-col-100 elementor-top-column elementor-element elementor-element-3c099ca8\" data-id=\"3c099ca8\" data-element_type=\"column\" data-e-type=\"column\">\n\t\t\t<div class=\"elementor-widget-wrap elementor-element-populated\">\n\t\t\t\t\t\t<div class=\"elementor-element elementor-element-41c303dd elementor-widget elementor-widget-heading\" data-id=\"41c303dd\" data-element_type=\"widget\" data-e-type=\"widget\" data-widget_type=\"heading.default\">\n\t\t\t\t<div class=\"elementor-widget-container\">\n\t\t\t\t\t<h2 class=\"elementor-heading-title elementor-size-default\">R\u00e9server une malle p\u00e9dagogique<\/h2>\t\t\t\t<\/div>\n\t\t\t\t<\/div>\n\t\t\t\t<div class=\"elementor-element elementor-element-6ff1d375 elementor-widget-divider--view-line elementor-widget elementor-widget-divider\" data-id=\"6ff1d375\" data-element_type=\"widget\" data-e-type=\"widget\" data-widget_type=\"divider.default\">\n\t\t\t\t<div class=\"elementor-widget-container\">\n\t\t\t\t\t\t\t<div class=\"elementor-divider\">\n\t\t\t<span class=\"elementor-divider-separator\">\n\t\t\t\t\t\t<\/span>\n\t\t<\/div>\n\t\t\t\t\t\t<\/div>\n\t\t\t\t<\/div>\n\t\t\t\t<div class=\"elementor-element elementor-element-29d2fee elementor-widget elementor-widget-heading\" data-id=\"29d2fee\" data-element_type=\"widget\" data-e-type=\"widget\" data-widget_type=\"heading.default\">\n\t\t\t\t<div class=\"elementor-widget-container\">\n\t\t\t\t\t<h3 class=\"elementor-heading-title elementor-size-default\">Disposez d'outils pour partager des moments conviviaux<\/h3>\t\t\t\t<\/div>\n\t\t\t\t<\/div>\n\t\t\t\t\t<\/div>\n\t\t<\/div>\n\t\t\t\t\t<\/div>\n\t\t<\/section>\n\t\t\t\t<section class=\"elementor-section elementor-top-section elementor-element elementor-element-2e824f64 elementor-section-content-middle elementor-section-boxed elementor-section-height-default elementor-section-height-default\" data-id=\"2e824f64\" data-element_type=\"section\" data-e-type=\"section\">\n\t\t\t\t\t\t<div class=\"elementor-container elementor-column-gap-no\">\n\t\t\t\t\t<div class=\"elementor-column elementor-col-100 elementor-top-column elementor-element elementor-element-5c61faeb\" data-id=\"5c61faeb\" data-element_type=\"column\" data-e-type=\"column\">\n\t\t\t<div class=\"elementor-widget-wrap elementor-element-populated\">\n\t\t\t\t\t\t<div class=\"elementor-element elementor-element-47a00e16 elementor-widget elementor-widget-heading\" data-id=\"47a00e16\" data-element_type=\"widget\" data-e-type=\"widget\" data-widget_type=\"heading.default\">\n\t\t\t\t<div class=\"elementor-widget-container\">\n\t\t\t\t\t<h3 class=\"elementor-heading-title elementor-size-default\">D\u00e9couvrez nos malles p\u00e9dagogiques<\/h3>\t\t\t\t<\/div>\n\t\t\t\t<\/div>\n\t\t\t\t<div class=\"elementor-element elementor-element-1d04fc5c elementor-widget-divider--view-line elementor-widget elementor-widget-divider\" data-id=\"1d04fc5c\" data-element_type=\"widget\" data-e-type=\"widget\" data-widget_type=\"divider.default\">\n\t\t\t\t<div class=\"elementor-widget-container\">\n\t\t\t\t\t\t\t<div class=\"elementor-divider\">\n\t\t\t<span class=\"elementor-divider-separator\">\n\t\t\t\t\t\t<\/span>\n\t\t<\/div>\n\t\t\t\t\t\t<\/div>\n\t\t\t\t<\/div>\n\t\t\t\t\t<\/div>\n\t\t<\/div>\n\t\t\t\t\t<\/div>\n\t\t<\/section>\n\t\t\t\t<section class=\"elementor-section elementor-top-section elementor-element elementor-element-4f06234 elementor-section-boxed elementor-section-height-default elementor-section-height-default\" data-id=\"4f06234\" data-element_type=\"section\" data-e-type=\"section\">\n\t\t\t\t\t\t<div class=\"elementor-container elementor-column-gap-default\">\n\t\t\t\t\t<div class=\"elementor-column elementor-col-25 elementor-top-column elementor-element elementor-element-74baf2d9\" data-id=\"74baf2d9\" data-element_type=\"column\" data-e-type=\"column\">\n\t\t\t<div class=\"elementor-widget-wrap elementor-element-populated\">\n\t\t\t\t\t\t<div class=\"elementor-element elementor-element-28c8c7a4 elementor-position-top elementor-widget elementor-widget-image-box\" data-id=\"28c8c7a4\" data-element_type=\"widget\" data-e-type=\"widget\" data-widget_type=\"image-box.default\">\n\t\t\t\t<div class=\"elementor-widget-container\">\n\t\t\t\t\t<div class=\"elementor-image-box-wrapper\"><figure class=\"elementor-image-box-img\"><a href=\"http:\/\/poleressourceshandicap49.fr\/index.php\/malle-1-gestion-des-emotions-familles\/\" tabindex=\"-1\"><img decoding=\"async\" src=\"https:\/\/poleressourceshandicap49.fr\/wp-content\/uploads\/2020\/07\/Malle-1-Gestion-des-emotions-familles-1.jpg\" title=\"Malle 1 &#8211; Gestion des \u00e9motions -familles\" alt=\"Malle 1 - Gestion des \u00e9motions -familles\" loading=\"lazy\" \/><\/a><\/figure><div class=\"elementor-image-box-content\"><h3 class=\"elementor-image-box-title\"><a href=\"http:\/\/poleressourceshandicap49.fr\/index.php\/malle-1-gestion-des-emotions-familles\/\">Malle 1<\/a><\/h3><p class=\"elementor-image-box-description\">Gestion des \u00c9motions<\/p><\/div><\/div>\t\t\t\t<\/div>\n\t\t\t\t<\/div>\n\t\t\t\t\t<\/div>\n\t\t<\/div>\n\t\t\t\t<div class=\"elementor-column elementor-col-25 elementor-top-column elementor-element elementor-element-145191e1\" data-id=\"145191e1\" data-element_type=\"column\" data-e-type=\"column\">\n\t\t\t<div class=\"elementor-widget-wrap elementor-element-populated\">\n\t\t\t\t\t\t<div class=\"elementor-element elementor-element-50e1ccc7 elementor-position-top elementor-widget elementor-widget-image-box\" data-id=\"50e1ccc7\" data-element_type=\"widget\" data-e-type=\"widget\" data-widget_type=\"image-box.default\">\n\t\t\t\t<div class=\"elementor-widget-container\">\n\t\t\t\t\t<div class=\"elementor-image-box-wrapper\"><figure class=\"elementor-image-box-img\"><a href=\"http:\/\/poleressourceshandicap49.fr\/index.php\/malle-2-langue-des-signes-francaise\/\" tabindex=\"-1\"><img decoding=\"async\" src=\"https:\/\/poleressourceshandicap49.fr\/wp-content\/uploads\/2020\/07\/malle-lsf2.png\" title=\"malle Langues des signes fran\u00e7aise2\" alt=\"malle Langues des signes fran\u00e7aise2\" loading=\"lazy\" \/><\/a><\/figure><div class=\"elementor-image-box-content\"><h3 class=\"elementor-image-box-title\"><a href=\"http:\/\/poleressourceshandicap49.fr\/index.php\/malle-2-langue-des-signes-francaise\/\">Malle 2<\/a><\/h3><p class=\"elementor-image-box-description\">Langue des signes francaise (LSF)<\/p><\/div><\/div>\t\t\t\t<\/div>\n\t\t\t\t<\/div>\n\t\t\t\t\t<\/div>\n\t\t<\/div>\n\t\t\t\t<div class=\"elementor-column elementor-col-25 elementor-top-column elementor-element elementor-element-3b076343\" data-id=\"3b076343\" data-element_type=\"column\" data-e-type=\"column\">\n\t\t\t<div class=\"elementor-widget-wrap elementor-element-populated\">\n\t\t\t\t\t\t<div class=\"elementor-element elementor-element-59f91d5f elementor-position-top elementor-widget elementor-widget-image-box\" data-id=\"59f91d5f\" data-element_type=\"widget\" data-e-type=\"widget\" data-widget_type=\"image-box.default\">\n\t\t\t\t<div class=\"elementor-widget-container\">\n\t\t\t\t\t<div class=\"elementor-image-box-wrapper\"><figure class=\"elementor-image-box-img\"><a href=\"http:\/\/poleressourceshandicap49.fr\/index.php\/malle-3-vie-affective-et-sexuelle\/\" tabindex=\"-1\"><img decoding=\"async\" src=\"https:\/\/poleressourceshandicap49.fr\/wp-content\/uploads\/2020\/07\/Malle-3-Vie-affective-et-sexuelle.jpg\" title=\"Malle 3 &#8211; Vie affective et sexuelle\" alt=\"Malle 3 - Vie affective et sexuelle\" loading=\"lazy\" \/><\/a><\/figure><div class=\"elementor-image-box-content\"><h3 class=\"elementor-image-box-title\"><a href=\"http:\/\/poleressourceshandicap49.fr\/index.php\/malle-3-vie-affective-et-sexuelle\/\">Malle 3<\/a><\/h3><p class=\"elementor-image-box-description\">vie affective et sexuelle<\/p><\/div><\/div>\t\t\t\t<\/div>\n\t\t\t\t<\/div>\n\t\t\t\t\t<\/div>\n\t\t<\/div>\n\t\t\t\t<div class=\"elementor-column elementor-col-25 elementor-top-column elementor-element elementor-element-589f01c5\" data-id=\"589f01c5\" data-element_type=\"column\" data-e-type=\"column\">\n\t\t\t<div class=\"elementor-widget-wrap elementor-element-populated\">\n\t\t\t\t\t\t<div class=\"elementor-element elementor-element-425e9ec1 elementor-position-top elementor-widget elementor-widget-image-box\" data-id=\"425e9ec1\" data-element_type=\"widget\" data-e-type=\"widget\" data-widget_type=\"image-box.default\">\n\t\t\t\t<div class=\"elementor-widget-container\">\n\t\t\t\t\t<div class=\"elementor-image-box-wrapper\"><figure class=\"elementor-image-box-img\"><a href=\"http:\/\/poleressourceshandicap49.fr\/index.php\/malle-4-sensibilisation\/\" tabindex=\"-1\"><img decoding=\"async\" src=\"https:\/\/poleressourceshandicap49.fr\/wp-content\/uploads\/2020\/07\/MicrosoftTeams-image-1.jpg\" title=\"Malle 4 &#8211; Sensibilisation Handi&rsquo;Cap- Familles\" alt=\"Malle 4 - Sensibilisation Handi&#039;Cap- Familles\" loading=\"lazy\" \/><\/a><\/figure><div class=\"elementor-image-box-content\"><h3 class=\"elementor-image-box-title\"><a href=\"http:\/\/poleressourceshandicap49.fr\/index.php\/malle-4-sensibilisation\/\">Malle 4 <\/a><\/h3><p class=\"elementor-image-box-description\">sensibilisation handi'Cap<\/p><\/div><\/div>\t\t\t\t<\/div>\n\t\t\t\t<\/div>\n\t\t\t\t\t<\/div>\n\t\t<\/div>\n\t\t\t\t\t<\/div>\n\t\t<\/section>\n\t\t\t\t<section class=\"elementor-section elementor-top-section elementor-element elementor-element-30d1e6b elementor-section-boxed elementor-section-height-default elementor-section-height-default\" data-id=\"30d1e6b\" data-element_type=\"section\" data-e-type=\"section\">\n\t\t\t\t\t\t<div class=\"elementor-container elementor-column-gap-default\">\n\t\t\t\t\t<div class=\"elementor-column elementor-col-100 elementor-top-column elementor-element elementor-element-4daa2e0\" data-id=\"4daa2e0\" data-element_type=\"column\" data-e-type=\"column\">\n\t\t\t<div class=\"elementor-widget-wrap elementor-element-populated\">\n\t\t\t\t\t\t<div class=\"elementor-element elementor-element-50f2800 elementor-widget elementor-widget-spacer\" data-id=\"50f2800\" data-element_type=\"widget\" data-e-type=\"widget\" data-widget_type=\"spacer.default\">\n\t\t\t\t<div class=\"elementor-widget-container\">\n\t\t\t\t\t\t\t<div class=\"elementor-spacer\">\n\t\t\t<div class=\"elementor-spacer-inner\"><\/div>\n\t\t<\/div>\n\t\t\t\t\t\t<\/div>\n\t\t\t\t<\/div>\n\t\t\t\t\t<\/div>\n\t\t<\/div>\n\t\t\t\t\t<\/div>\n\t\t<\/section>\n\t\t\t\t<section class=\"elementor-section elementor-top-section elementor-element elementor-element-45f4cad elementor-section-boxed elementor-section-height-default elementor-section-height-default\" data-id=\"45f4cad\" data-element_type=\"section\" data-e-type=\"section\">\n\t\t\t\t\t\t<div class=\"elementor-container elementor-column-gap-default\">\n\t\t\t\t\t<div class=\"elementor-column elementor-col-25 elementor-top-column elementor-element elementor-element-128dd12\" data-id=\"128dd12\" data-element_type=\"column\" data-e-type=\"column\">\n\t\t\t<div class=\"elementor-widget-wrap elementor-element-populated\">\n\t\t\t\t\t\t<div class=\"elementor-element elementor-element-b37dae2 elementor-position-top elementor-widget elementor-widget-image-box\" data-id=\"b37dae2\" data-element_type=\"widget\" data-e-type=\"widget\" data-widget_type=\"image-box.default\">\n\t\t\t\t<div class=\"elementor-widget-container\">\n\t\t\t\t\t<div class=\"elementor-image-box-wrapper\"><figure class=\"elementor-image-box-img\"><a href=\"http:\/\/poleressourceshandicap49.fr\/index.php\/malle-5-apprentissage\/\" tabindex=\"-1\"><img decoding=\"async\" src=\"https:\/\/poleressourceshandicap49.fr\/wp-content\/uploads\/2021\/08\/MicrosoftTeams-image-2-1.jpg\" title=\"Malle 5 &#8211; Apprentissage\" alt=\"Malle 5 - Apprentissage\" loading=\"lazy\" \/><\/a><\/figure><div class=\"elementor-image-box-content\"><h3 class=\"elementor-image-box-title\"><a href=\"http:\/\/poleressourceshandicap49.fr\/index.php\/malle-5-apprentissage\/\">Malle 5<\/a><\/h3><p class=\"elementor-image-box-description\">Apprentissage<\/p><\/div><\/div>\t\t\t\t<\/div>\n\t\t\t\t<\/div>\n\t\t\t\t\t<\/div>\n\t\t<\/div>\n\t\t\t\t<div class=\"elementor-column elementor-col-25 elementor-top-column elementor-element elementor-element-bae091c\" data-id=\"bae091c\" data-element_type=\"column\" data-e-type=\"column\">\n\t\t\t<div class=\"elementor-widget-wrap elementor-element-populated\">\n\t\t\t\t\t\t<div class=\"elementor-element elementor-element-f10c47b elementor-position-top elementor-widget elementor-widget-image-box\" data-id=\"f10c47b\" data-element_type=\"widget\" data-e-type=\"widget\" data-widget_type=\"image-box.default\">\n\t\t\t\t<div class=\"elementor-widget-container\">\n\t\t\t\t\t<div class=\"elementor-image-box-wrapper\"><figure class=\"elementor-image-box-img\"><a href=\"http:\/\/poleressourceshandicap49.fr\/index.php\/malle-6-tsa-et-tdah\/\" tabindex=\"-1\"><img decoding=\"async\" src=\"https:\/\/poleressourceshandicap49.fr\/wp-content\/uploads\/2021\/08\/MicrosoftTeams-image.jpg\" title=\"Malle-TSA TDAH\" alt=\"Malle-TSA TDAH\" loading=\"lazy\" \/><\/a><\/figure><div class=\"elementor-image-box-content\"><h3 class=\"elementor-image-box-title\"><a href=\"http:\/\/poleressourceshandicap49.fr\/index.php\/malle-6-tsa-et-tdah\/\">Malle 6<\/a><\/h3><p class=\"elementor-image-box-description\">Trouble du Spectre de l'Autisme (TSA) et <span style=\"font-size: 15px;font-style: normal;font-weight: 300\">TROUBLE d\u00e9ficit de l'attention avec ou sans hyperactivit\u00e9 (<\/span>TDAH)<\/p><\/div><\/div>\t\t\t\t<\/div>\n\t\t\t\t<\/div>\n\t\t\t\t\t<\/div>\n\t\t<\/div>\n\t\t\t\t<div class=\"elementor-column elementor-col-25 elementor-top-column elementor-element elementor-element-1e5a01d\" data-id=\"1e5a01d\" data-element_type=\"column\" data-e-type=\"column\">\n\t\t\t<div class=\"elementor-widget-wrap elementor-element-populated\">\n\t\t\t\t\t\t<div class=\"elementor-element elementor-element-0f38748 elementor-position-top elementor-widget elementor-widget-image-box\" data-id=\"0f38748\" data-element_type=\"widget\" data-e-type=\"widget\" data-widget_type=\"image-box.default\">\n\t\t\t\t<div class=\"elementor-widget-container\">\n\t\t\t\t\t<div class=\"elementor-image-box-wrapper\"><figure class=\"elementor-image-box-img\"><a href=\"http:\/\/poleressourceshandicap49.fr\/index.php\/malle-7-motricite\/\" tabindex=\"-1\"><img decoding=\"async\" src=\"https:\/\/poleressourceshandicap49.fr\/wp-content\/uploads\/2021\/09\/IMG_0199.jpg\" title=\"Malle 7 &#8211; Motricit\u00e9\" alt=\"Malle 7 - Motricit\u00e9\" loading=\"lazy\" \/><\/a><\/figure><div class=\"elementor-image-box-content\"><h3 class=\"elementor-image-box-title\"><a href=\"http:\/\/poleressourceshandicap49.fr\/index.php\/malle-7-motricite\/\">Malle 7<\/a><\/h3><p class=\"elementor-image-box-description\">MOTRICIT\u00e9<\/p><\/div><\/div>\t\t\t\t<\/div>\n\t\t\t\t<\/div>\n\t\t\t\t\t<\/div>\n\t\t<\/div>\n\t\t\t\t<div class=\"elementor-column elementor-col-25 elementor-top-column elementor-element elementor-element-621e067\" data-id=\"621e067\" data-element_type=\"column\" data-e-type=\"column\">\n\t\t\t<div class=\"elementor-widget-wrap elementor-element-populated\">\n\t\t\t\t\t\t<div class=\"elementor-element elementor-element-b424287 elementor-position-top elementor-widget elementor-widget-image-box\" data-id=\"b424287\" data-element_type=\"widget\" data-e-type=\"widget\" data-widget_type=\"image-box.default\">\n\t\t\t\t<div class=\"elementor-widget-container\">\n\t\t\t\t\t<div class=\"elementor-image-box-wrapper\"><figure class=\"elementor-image-box-img\"><a href=\"http:\/\/poleressourceshandicap49.fr\/index.php\/malle-8-troublesdys-caa\/\" tabindex=\"-1\"><img decoding=\"async\" src=\"https:\/\/poleressourceshandicap49.fr\/wp-content\/uploads\/2025\/07\/1000048652-1-scaled.jpg\" title=\"1000048652\" alt=\"1000048652\" loading=\"lazy\" \/><\/a><\/figure><div class=\"elementor-image-box-content\"><h3 class=\"elementor-image-box-title\"><a href=\"http:\/\/poleressourceshandicap49.fr\/index.php\/malle-8-troublesdys-caa\/\">Malle 8<\/a><\/h3><p class=\"elementor-image-box-description\">TROUBLES DYS ET COMMUNICATION ALTERNATIVE AM\u00e9lior\u00e9e (caa)<\/p><\/div><\/div>\t\t\t\t<\/div>\n\t\t\t\t<\/div>\n\t\t\t\t\t<\/div>\n\t\t<\/div>\n\t\t\t\t\t<\/div>\n\t\t<\/section>\n\t\t\t\t<section class=\"elementor-section elementor-top-section elementor-element elementor-element-ad53a66 elementor-section-boxed elementor-section-height-default elementor-section-height-default\" data-id=\"ad53a66\" data-element_type=\"section\" data-e-type=\"section\">\n\t\t\t\t\t\t<div class=\"elementor-container elementor-column-gap-default\">\n\t\t\t\t\t<div class=\"elementor-column elementor-col-25 elementor-top-column elementor-element elementor-element-4050269\" data-id=\"4050269\" data-element_type=\"column\" data-e-type=\"column\">\n\t\t\t<div class=\"elementor-widget-wrap elementor-element-populated\">\n\t\t\t\t\t\t<div class=\"elementor-element elementor-element-423f8fd elementor-position-top elementor-widget elementor-widget-image-box\" data-id=\"423f8fd\" data-element_type=\"widget\" data-e-type=\"widget\" data-widget_type=\"image-box.default\">\n\t\t\t\t<div class=\"elementor-widget-container\">\n\t\t\t\t\t<div class=\"elementor-image-box-wrapper\"><figure class=\"elementor-image-box-img\"><a href=\"http:\/\/poleressourceshandicap49.fr\/index.php\/malle-9-5-sens\/\" tabindex=\"-1\"><img decoding=\"async\" src=\"https:\/\/poleressourceshandicap49.fr\/wp-content\/uploads\/2022\/08\/malle-sensorielle-1-scaled-e1660127566437.jpg\" title=\"malle sensorielle\" alt=\"malle sensorielle\" loading=\"lazy\" \/><\/a><\/figure><div class=\"elementor-image-box-content\"><h3 class=\"elementor-image-box-title\"><a href=\"http:\/\/poleressourceshandicap49.fr\/index.php\/malle-9-5-sens\/\">Malle 9<\/a><\/h3><p class=\"elementor-image-box-description\">5 sens<\/p><\/div><\/div>\t\t\t\t<\/div>\n\t\t\t\t<\/div>\n\t\t\t\t\t<\/div>\n\t\t<\/div>\n\t\t\t\t<div class=\"elementor-column elementor-col-25 elementor-top-column elementor-element elementor-element-8dead36\" data-id=\"8dead36\" data-element_type=\"column\" data-e-type=\"column\">\n\t\t\t<div class=\"elementor-widget-wrap elementor-element-populated\">\n\t\t\t\t\t\t<div class=\"elementor-element elementor-element-3cf5906 elementor-position-top elementor-widget elementor-widget-image-box\" data-id=\"3cf5906\" data-element_type=\"widget\" data-e-type=\"widget\" data-widget_type=\"image-box.default\">\n\t\t\t\t<div class=\"elementor-widget-container\">\n\t\t\t\t\t<div class=\"elementor-image-box-wrapper\"><figure class=\"elementor-image-box-img\"><a href=\"https:\/\/poleressourceshandicap49.fr\/index.php\/malle-4-jeunesse\/\" tabindex=\"-1\"><img decoding=\"async\" src=\"https:\/\/poleressourceshandicap49.fr\/wp-content\/uploads\/2022\/10\/photo-malle-jeunesse-scaled.jpg\" title=\"photo malle jeunesse\" alt=\"photo malle jeunesse\" loading=\"lazy\" \/><\/a><\/figure><div class=\"elementor-image-box-content\"><h3 class=\"elementor-image-box-title\"><a href=\"https:\/\/poleressourceshandicap49.fr\/index.php\/malle-4-jeunesse\/\">Malle 10<\/a><\/h3><p class=\"elementor-image-box-description\">JEUNESSE (0-3 ANS)<\/p><\/div><\/div>\t\t\t\t<\/div>\n\t\t\t\t<\/div>\n\t\t\t\t\t<\/div>\n\t\t<\/div>\n\t\t\t\t<div class=\"elementor-column elementor-col-25 elementor-top-column elementor-element elementor-element-ad344de\" data-id=\"ad344de\" data-element_type=\"column\" data-e-type=\"column\">\n\t\t\t<div class=\"elementor-widget-wrap\">\n\t\t\t\t\t\t\t<\/div>\n\t\t<\/div>\n\t\t\t\t<div class=\"elementor-column elementor-col-25 elementor-top-column elementor-element elementor-element-2ad2304\" data-id=\"2ad2304\" data-element_type=\"column\" data-e-type=\"column\">\n\t\t\t<div class=\"elementor-widget-wrap\">\n\t\t\t\t\t\t\t<\/div>\n\t\t<\/div>\n\t\t\t\t\t<\/div>\n\t\t<\/section>\n\t\t\t\t<section class=\"elementor-section elementor-top-section elementor-element elementor-element-43b28b36 elementor-section-boxed elementor-section-height-default elementor-section-height-default\" data-id=\"43b28b36\" data-element_type=\"section\" data-e-type=\"section\">\n\t\t\t\t\t\t<div class=\"elementor-container elementor-column-gap-default\">\n\t\t\t\t\t<div class=\"elementor-column elementor-col-50 elementor-top-column elementor-element elementor-element-725b68b4\" data-id=\"725b68b4\" data-element_type=\"column\" data-e-type=\"column\">\n\t\t\t<div class=\"elementor-widget-wrap elementor-element-populated\">\n\t\t\t\t\t\t<div class=\"elementor-element elementor-element-6737b656 elementor-widget elementor-widget-heading\" data-id=\"6737b656\" data-element_type=\"widget\" data-e-type=\"widget\" data-widget_type=\"heading.default\">\n\t\t\t\t<div class=\"elementor-widget-container\">\n\t\t\t\t\t<h3 class=\"elementor-heading-title elementor-size-default\">Foire aux questions<\/h3>\t\t\t\t<\/div>\n\t\t\t\t<\/div>\n\t\t\t\t<div class=\"elementor-element elementor-element-2f02ad38 elementor-widget elementor-widget-toggle\" data-id=\"2f02ad38\" data-element_type=\"widget\" data-e-type=\"widget\" data-widget_type=\"toggle.default\">\n\t\t\t\t<div class=\"elementor-widget-container\">\n\t\t\t\t\t\t\t<div class=\"elementor-toggle\">\n\t\t\t\t\t\t\t<div class=\"elementor-toggle-item\">\n\t\t\t\t\t<div id=\"elementor-tab-title-7881\" class=\"elementor-tab-title\" data-tab=\"1\" role=\"button\" aria-controls=\"elementor-tab-content-7881\" aria-expanded=\"false\">\n\t\t\t\t\t\t\t\t\t\t\t\t<span class=\"elementor-toggle-icon elementor-toggle-icon-right\" aria-hidden=\"true\">\n\t\t\t\t\t\t\t\t\t\t\t\t\t\t\t<span class=\"elementor-toggle-icon-closed\"><i class=\"fas fa-caret-right\"><\/i><\/span>\n\t\t\t\t\t\t\t\t<span class=\"elementor-toggle-icon-opened\"><i class=\"elementor-toggle-icon-opened fas fa-caret-up\"><\/i><\/span>\n\t\t\t\t\t\t\t\t\t\t\t\t\t<\/span>\n\t\t\t\t\t\t\t\t\t\t\t\t<a class=\"elementor-toggle-title\" tabindex=\"0\">Qu'est-ce qu'une malle p\u00e9dagogique ?<\/a>\n\t\t\t\t\t<\/div>\n\n\t\t\t\t\t<div id=\"elementor-tab-content-7881\" class=\"elementor-tab-content elementor-clearfix\" data-tab=\"1\" role=\"region\" aria-labelledby=\"elementor-tab-title-7881\"><p>Nous avons \u00e9labor\u00e9 en partenariat avec Vyv3 des Pays de la Loire et l&rsquo;Adapei 49 diff\u00e9rentes malles th\u00e9matiques sur la gestion des \u00e9motions, la Langue des Signes Fran\u00e7aise&#8230; Celles-ci sont compos\u00e9es\u00a0 de livres, de jeux, de DVD&#8230;\u00a0<\/p><p>Si vous le souhaitez, vous avez \u00e9galement la possibilit\u00e9 de cr\u00e9er votre propre malle !<\/p><\/div>\n\t\t\t\t<\/div>\n\t\t\t\t\t\t\t\t<\/div>\n\t\t\t\t\t\t<\/div>\n\t\t\t\t<\/div>\n\t\t\t\t<div class=\"elementor-element elementor-element-52135863 elementor-widget elementor-widget-toggle\" data-id=\"52135863\" data-element_type=\"widget\" data-e-type=\"widget\" data-widget_type=\"toggle.default\">\n\t\t\t\t<div class=\"elementor-widget-container\">\n\t\t\t\t\t\t\t<div class=\"elementor-toggle\">\n\t\t\t\t\t\t\t<div class=\"elementor-toggle-item\">\n\t\t\t\t\t<div id=\"elementor-tab-title-1371\" class=\"elementor-tab-title\" data-tab=\"1\" role=\"button\" aria-controls=\"elementor-tab-content-1371\" aria-expanded=\"false\">\n\t\t\t\t\t\t\t\t\t\t\t\t<span class=\"elementor-toggle-icon elementor-toggle-icon-right\" aria-hidden=\"true\">\n\t\t\t\t\t\t\t\t\t\t\t\t\t\t\t<span class=\"elementor-toggle-icon-closed\"><i class=\"fas fa-caret-right\"><\/i><\/span>\n\t\t\t\t\t\t\t\t<span class=\"elementor-toggle-icon-opened\"><i class=\"elementor-toggle-icon-opened fas fa-caret-up\"><\/i><\/span>\n\t\t\t\t\t\t\t\t\t\t\t\t\t<\/span>\n\t\t\t\t\t\t\t\t\t\t\t\t<a class=\"elementor-toggle-title\" tabindex=\"0\">Combien co\u00fbte la location ?<\/a>\n\t\t\t\t\t<\/div>\n\n\t\t\t\t\t<div id=\"elementor-tab-content-1371\" class=\"elementor-tab-content elementor-clearfix\" data-tab=\"1\" role=\"region\" aria-labelledby=\"elementor-tab-title-1371\"><p>Les malles p\u00e9dagogiques sont mises gratuitement \u00e0 votre disposition.\u00a0<\/p><\/div>\n\t\t\t\t<\/div>\n\t\t\t\t\t\t\t\t<\/div>\n\t\t\t\t\t\t<\/div>\n\t\t\t\t<\/div>\n\t\t\t\t<div class=\"elementor-element elementor-element-4d083ebd elementor-widget elementor-widget-toggle\" data-id=\"4d083ebd\" data-element_type=\"widget\" data-e-type=\"widget\" data-widget_type=\"toggle.default\">\n\t\t\t\t<div class=\"elementor-widget-container\">\n\t\t\t\t\t\t\t<div class=\"elementor-toggle\">\n\t\t\t\t\t\t\t<div class=\"elementor-toggle-item\">\n\t\t\t\t\t<div id=\"elementor-tab-title-1291\" class=\"elementor-tab-title\" data-tab=\"1\" role=\"button\" aria-controls=\"elementor-tab-content-1291\" aria-expanded=\"false\">\n\t\t\t\t\t\t\t\t\t\t\t\t<span class=\"elementor-toggle-icon elementor-toggle-icon-right\" aria-hidden=\"true\">\n\t\t\t\t\t\t\t\t\t\t\t\t\t\t\t<span class=\"elementor-toggle-icon-closed\"><i class=\"fas fa-caret-right\"><\/i><\/span>\n\t\t\t\t\t\t\t\t<span class=\"elementor-toggle-icon-opened\"><i class=\"elementor-toggle-icon-opened fas fa-caret-up\"><\/i><\/span>\n\t\t\t\t\t\t\t\t\t\t\t\t\t<\/span>\n\t\t\t\t\t\t\t\t\t\t\t\t<a class=\"elementor-toggle-title\" tabindex=\"0\">Pendant combien de temps l'emprunter ?<\/a>\n\t\t\t\t\t<\/div>\n\n\t\t\t\t\t<div id=\"elementor-tab-content-1291\" class=\"elementor-tab-content elementor-clearfix\" data-tab=\"1\" role=\"region\" aria-labelledby=\"elementor-tab-title-1291\"><p>Les malles p\u00e9dagogiques peuvent \u00eatre emprunt\u00e9es pour une dur\u00e9e de 1 mois maximum.\u00a0<\/p><\/div>\n\t\t\t\t<\/div>\n\t\t\t\t\t\t\t\t<\/div>\n\t\t\t\t\t\t<\/div>\n\t\t\t\t<\/div>\n\t\t\t\t<div class=\"elementor-element elementor-element-5f48e874 elementor-widget elementor-widget-toggle\" data-id=\"5f48e874\" data-element_type=\"widget\" data-e-type=\"widget\" data-widget_type=\"toggle.default\">\n\t\t\t\t<div class=\"elementor-widget-container\">\n\t\t\t\t\t\t\t<div class=\"elementor-toggle\">\n\t\t\t\t\t\t\t<div class=\"elementor-toggle-item\">\n\t\t\t\t\t<div id=\"elementor-tab-title-1591\" class=\"elementor-tab-title\" data-tab=\"1\" role=\"button\" aria-controls=\"elementor-tab-content-1591\" aria-expanded=\"false\">\n\t\t\t\t\t\t\t\t\t\t\t\t<span class=\"elementor-toggle-icon elementor-toggle-icon-right\" aria-hidden=\"true\">\n\t\t\t\t\t\t\t\t\t\t\t\t\t\t\t<span class=\"elementor-toggle-icon-closed\"><i class=\"fas fa-caret-right\"><\/i><\/span>\n\t\t\t\t\t\t\t\t<span class=\"elementor-toggle-icon-opened\"><i class=\"elementor-toggle-icon-opened fas fa-caret-up\"><\/i><\/span>\n\t\t\t\t\t\t\t\t\t\t\t\t\t<\/span>\n\t\t\t\t\t\t\t\t\t\t\t\t<a class=\"elementor-toggle-title\" tabindex=\"0\">Comment r\u00e9server une malle ?<\/a>\n\t\t\t\t\t<\/div>\n\n\t\t\t\t\t<div id=\"elementor-tab-content-1591\" class=\"elementor-tab-content elementor-clearfix\" data-tab=\"1\" role=\"region\" aria-labelledby=\"elementor-tab-title-1591\"><p>Pour disposer d&rsquo;une malle, il vous suffit de la r\u00e9server en ligne en remplissant le formulaire de r\u00e9servation \u00e0 votre droite.\u00a0<\/p><p>Vous recevrez un mail de confirmation sous 48h qui vous indiquera le lieu pr\u00e9cis de r\u00e9cup\u00e9ration de votre malle.\u00a0<\/p><p>Ensuite, elle sera pr\u00e9par\u00e9e par notre \u00e9quipe et vous sera transmise dans les plus courts d\u00e9lais.\u00a0<\/p><\/div>\n\t\t\t\t<\/div>\n\t\t\t\t\t\t\t\t<\/div>\n\t\t\t\t\t\t<\/div>\n\t\t\t\t<\/div>\n\t\t\t\t<div class=\"elementor-element elementor-element-743169a5 elementor-widget elementor-widget-toggle\" data-id=\"743169a5\" data-element_type=\"widget\" data-e-type=\"widget\" data-widget_type=\"toggle.default\">\n\t\t\t\t<div class=\"elementor-widget-container\">\n\t\t\t\t\t\t\t<div class=\"elementor-toggle\">\n\t\t\t\t\t\t\t<div class=\"elementor-toggle-item\">\n\t\t\t\t\t<div id=\"elementor-tab-title-1941\" class=\"elementor-tab-title\" data-tab=\"1\" role=\"button\" aria-controls=\"elementor-tab-content-1941\" aria-expanded=\"false\">\n\t\t\t\t\t\t\t\t\t\t\t\t<span class=\"elementor-toggle-icon elementor-toggle-icon-right\" aria-hidden=\"true\">\n\t\t\t\t\t\t\t\t\t\t\t\t\t\t\t<span class=\"elementor-toggle-icon-closed\"><i class=\"fas fa-caret-right\"><\/i><\/span>\n\t\t\t\t\t\t\t\t<span class=\"elementor-toggle-icon-opened\"><i class=\"elementor-toggle-icon-opened fas fa-caret-up\"><\/i><\/span>\n\t\t\t\t\t\t\t\t\t\t\t\t\t<\/span>\n\t\t\t\t\t\t\t\t\t\t\t\t<a class=\"elementor-toggle-title\" tabindex=\"0\">O\u00f9 la r\u00e9cup\u00e9rer et la rendre ?<\/a>\n\t\t\t\t\t<\/div>\n\n\t\t\t\t\t<div id=\"elementor-tab-content-1941\" class=\"elementor-tab-content elementor-clearfix\" data-tab=\"1\" role=\"region\" aria-labelledby=\"elementor-tab-title-1941\"><p>Notre \u00e9quipe vous communiquera le lieu dans le mail de confirmation. Elle essayera de vous proposer un lieu au plus pr\u00e8s de chez vous.<\/p><\/div>\n\t\t\t\t<\/div>\n\t\t\t\t\t\t\t\t<\/div>\n\t\t\t\t\t\t<\/div>\n\t\t\t\t<\/div>\n\t\t\t\t\t<\/div>\n\t\t<\/div>\n\t\t\t\t<div class=\"elementor-column elementor-col-50 elementor-top-column elementor-element elementor-element-7d387382\" data-id=\"7d387382\" data-element_type=\"column\" data-e-type=\"column\">\n\t\t\t<div class=\"elementor-widget-wrap elementor-element-populated\">\n\t\t\t\t\t\t<div class=\"elementor-element elementor-element-4fc5dcbe elementor-widget-divider--view-line elementor-widget elementor-widget-divider\" data-id=\"4fc5dcbe\" data-element_type=\"widget\" data-e-type=\"widget\" data-widget_type=\"divider.default\">\n\t\t\t\t<div class=\"elementor-widget-container\">\n\t\t\t\t\t\t\t<div class=\"elementor-divider\">\n\t\t\t<span class=\"elementor-divider-separator\">\n\t\t\t\t\t\t<\/span>\n\t\t<\/div>\n\t\t\t\t\t\t<\/div>\n\t\t\t\t<\/div>\n\t\t\t\t\t<\/div>\n\t\t<\/div>\n\t\t\t\t\t<\/div>\n\t\t<\/section>\n\t\t\t\t<section class=\"elementor-section elementor-top-section elementor-element elementor-element-50763c6b elementor-section-boxed elementor-section-height-default elementor-section-height-default\" data-id=\"50763c6b\" data-element_type=\"section\" data-e-type=\"section\">\n\t\t\t\t\t\t<div class=\"elementor-container elementor-column-gap-default\">\n\t\t\t\t\t\t<\/div>\n\t\t<\/section>\n\t\t\t\t<section class=\"elementor-section elementor-top-section elementor-element elementor-element-24e767c elementor-section-boxed elementor-section-height-default elementor-section-height-default\" data-id=\"24e767c\" data-element_type=\"section\" data-e-type=\"section\">\n\t\t\t\t\t\t<div class=\"elementor-container elementor-column-gap-default\">\n\t\t\t\t\t<div class=\"elementor-column elementor-col-100 elementor-top-column elementor-element elementor-element-462c358\" data-id=\"462c358\" data-element_type=\"column\" data-e-type=\"column\">\n\t\t\t<div class=\"elementor-widget-wrap\">\n\t\t\t\t\t\t\t<\/div>\n\t\t<\/div>\n\t\t\t\t\t<\/div>\n\t\t<\/section>\n\t\t\t\t<\/div>\n\t\t","protected":false},"excerpt":{"rendered":"<p>R\u00e9server une malle p\u00e9dagogique Disposez d&rsquo;outils pour partager des moments conviviaux D\u00e9couvrez nos malles p\u00e9dagogiques Malle 1 Gestion des \u00c9motions Malle 2 Langue des signes francaise (LSF) Malle 3 vie affective et sexuelle Malle 4 sensibilisation handi&rsquo;Cap Malle 5 Apprentissage Malle 6 Trouble du Spectre de l&rsquo;Autisme (TSA) et TROUBLE d\u00e9ficit de l&rsquo;attention avec ou &hellip;<\/p>\n<p class=\"read-more\"> <a class=\"\" href=\"https:\/\/poleressourceshandicap49.fr\/index.php\/reserver-une-malle-pedagogique-familles\/\"> <span class=\"screen-reader-text\">R\u00e9server une malle p\u00e9dagogique<\/span> Lire la suite\u00a0\u00bb<\/a><\/p>\n","protected":false},"author":1,"featured_media":0,"parent":0,"menu_order":0,"comment_status":"closed","ping_status":"closed","template":"","meta":{"site-sidebar-layout":"no-sidebar","site-content-layout":"page-builder","ast-main-header-display":"","ast-hfb-above-header-display":"","ast-hfb-below-header-display":"","ast-hfb-mobile-header-display":"","site-post-title":"disabled","ast-breadcrumbs-content":"","ast-featured-img":"disabled","footer-sml-layout":"","theme-transparent-header-meta":"default","adv-header-id-meta":"","stick-header-meta":"","header-above-stick-meta":"","header-main-stick-meta":"","header-below-stick-meta":"","footnotes":""},"class_list":["post-1520","page","type-page","status-publish","hentry"],"yoast_head":"<!-- This site is optimized with the Yoast SEO plugin v27.4 - https:\/\/yoast.com\/product\/yoast-seo-wordpress\/ -->\n<title>R\u00e9server une malle p\u00e9dagogique - P\u00f4le d&#039;Appui et de Ressources Handicap 49<\/title>\n<meta name=\"robots\" content=\"index, follow, max-snippet:-1, max-image-preview:large, max-video-preview:-1\" \/>\n<link rel=\"canonical\" href=\"https:\/\/poleressourceshandicap49.fr\/index.php\/reserver-une-malle-pedagogique-familles\/\" \/>\n<meta property=\"og:locale\" content=\"fr_FR\" \/>\n<meta property=\"og:type\" content=\"article\" \/>\n<meta property=\"og:title\" content=\"R\u00e9server une malle p\u00e9dagogique - P\u00f4le d&#039;Appui et de Ressources Handicap 49\" \/>\n<meta property=\"og:description\" content=\"R\u00e9server une malle p\u00e9dagogique Disposez d&rsquo;outils pour partager des moments conviviaux D\u00e9couvrez nos malles p\u00e9dagogiques Malle 1 Gestion des \u00c9motions Malle 2 Langue des signes francaise (LSF) Malle 3 vie affective et sexuelle Malle 4 sensibilisation handi&rsquo;Cap Malle 5 Apprentissage Malle 6 Trouble du Spectre de l&rsquo;Autisme (TSA) et TROUBLE d\u00e9ficit de l&rsquo;attention avec ou &hellip; R\u00e9server une malle p\u00e9dagogique Lire la suite\u00a0\u00bb\" \/>\n<meta property=\"og:url\" content=\"https:\/\/poleressourceshandicap49.fr\/index.php\/reserver-une-malle-pedagogique-familles\/\" \/>\n<meta property=\"og:site_name\" content=\"P\u00f4le d&#039;Appui et de Ressources Handicap 49\" \/>\n<meta property=\"article:publisher\" content=\"https:\/\/www.facebook.com\/P%c3%b4le-dAppui-et-de-Ressources-Handicap-49-108917610902286\" \/>\n<meta property=\"article:modified_time\" content=\"2025-07-30T10:29:07+00:00\" \/>\n<meta property=\"og:image\" content=\"http:\/\/poleressourceshandicap49.fr\/wp-content\/uploads\/elementor\/thumbs\/Malle-1-Gestion-des-emotions-familles-1-os3xidczn3txjnq9j1pkhrx0h509krjrm6bo999trw.jpg\" \/>\n<meta name=\"twitter:card\" content=\"summary_large_image\" \/>\n<meta name=\"twitter:label1\" content=\"Dur\u00e9e de lecture estim\u00e9e\" \/>\n\t<meta name=\"twitter:data1\" content=\"4 minutes\" \/>\n<script type=\"application\/ld+json\" class=\"yoast-schema-graph\">{\"@context\":\"https:\\\/\\\/schema.org\",\"@graph\":[{\"@type\":\"WebPage\",\"@id\":\"https:\\\/\\\/poleressourceshandicap49.fr\\\/index.php\\\/reserver-une-malle-pedagogique-familles\\\/\",\"url\":\"https:\\\/\\\/poleressourceshandicap49.fr\\\/index.php\\\/reserver-une-malle-pedagogique-familles\\\/\",\"name\":\"R\u00e9server une malle p\u00e9dagogique - P\u00f4le d&#039;Appui et de Ressources Handicap 49\",\"isPartOf\":{\"@id\":\"https:\\\/\\\/poleressourceshandicap49.fr\\\/#website\"},\"primaryImageOfPage\":{\"@id\":\"https:\\\/\\\/poleressourceshandicap49.fr\\\/index.php\\\/reserver-une-malle-pedagogique-familles\\\/#primaryimage\"},\"image\":{\"@id\":\"https:\\\/\\\/poleressourceshandicap49.fr\\\/index.php\\\/reserver-une-malle-pedagogique-familles\\\/#primaryimage\"},\"thumbnailUrl\":\"http:\\\/\\\/poleressourceshandicap49.fr\\\/wp-content\\\/uploads\\\/elementor\\\/thumbs\\\/Malle-1-Gestion-des-emotions-familles-1-os3xidczn3txjnq9j1pkhrx0h509krjrm6bo999trw.jpg\",\"datePublished\":\"2020-06-23T13:13:21+00:00\",\"dateModified\":\"2025-07-30T10:29:07+00:00\",\"breadcrumb\":{\"@id\":\"https:\\\/\\\/poleressourceshandicap49.fr\\\/index.php\\\/reserver-une-malle-pedagogique-familles\\\/#breadcrumb\"},\"inLanguage\":\"fr-FR\",\"potentialAction\":[{\"@type\":\"ReadAction\",\"target\":[\"https:\\\/\\\/poleressourceshandicap49.fr\\\/index.php\\\/reserver-une-malle-pedagogique-familles\\\/\"]}]},{\"@type\":\"ImageObject\",\"inLanguage\":\"fr-FR\",\"@id\":\"https:\\\/\\\/poleressourceshandicap49.fr\\\/index.php\\\/reserver-une-malle-pedagogique-familles\\\/#primaryimage\",\"url\":\"http:\\\/\\\/poleressourceshandicap49.fr\\\/wp-content\\\/uploads\\\/elementor\\\/thumbs\\\/Malle-1-Gestion-des-emotions-familles-1-os3xidczn3txjnq9j1pkhrx0h509krjrm6bo999trw.jpg\",\"contentUrl\":\"http:\\\/\\\/poleressourceshandicap49.fr\\\/wp-content\\\/uploads\\\/elementor\\\/thumbs\\\/Malle-1-Gestion-des-emotions-familles-1-os3xidczn3txjnq9j1pkhrx0h509krjrm6bo999trw.jpg\"},{\"@type\":\"BreadcrumbList\",\"@id\":\"https:\\\/\\\/poleressourceshandicap49.fr\\\/index.php\\\/reserver-une-malle-pedagogique-familles\\\/#breadcrumb\",\"itemListElement\":[{\"@type\":\"ListItem\",\"position\":1,\"name\":\"Accueil\",\"item\":\"https:\\\/\\\/poleressourceshandicap49.fr\\\/\"},{\"@type\":\"ListItem\",\"position\":2,\"name\":\"R\u00e9server une malle p\u00e9dagogique\"}]},{\"@type\":\"WebSite\",\"@id\":\"https:\\\/\\\/poleressourceshandicap49.fr\\\/#website\",\"url\":\"https:\\\/\\\/poleressourceshandicap49.fr\\\/\",\"name\":\"P\u00f4le d'Appui et de Ressources Handicap 49\",\"description\":\"Service d\u00e9di\u00e9 aux familles et aux professionnels de la petite enfance, de l animation et de clubs sportifs\",\"publisher\":{\"@id\":\"https:\\\/\\\/poleressourceshandicap49.fr\\\/#organization\"},\"potentialAction\":[{\"@type\":\"SearchAction\",\"target\":{\"@type\":\"EntryPoint\",\"urlTemplate\":\"https:\\\/\\\/poleressourceshandicap49.fr\\\/?s={search_term_string}\"},\"query-input\":{\"@type\":\"PropertyValueSpecification\",\"valueRequired\":true,\"valueName\":\"search_term_string\"}}],\"inLanguage\":\"fr-FR\"},{\"@type\":\"Organization\",\"@id\":\"https:\\\/\\\/poleressourceshandicap49.fr\\\/#organization\",\"name\":\"P\u00f4le d'Appui et de Ressources Handicap 49\",\"url\":\"https:\\\/\\\/poleressourceshandicap49.fr\\\/\",\"logo\":{\"@type\":\"ImageObject\",\"inLanguage\":\"fr-FR\",\"@id\":\"https:\\\/\\\/poleressourceshandicap49.fr\\\/#\\\/schema\\\/logo\\\/image\\\/\",\"url\":\"http:\\\/\\\/poleressourceshandicap49.fr\\\/wp-content\\\/uploads\\\/2020\\\/06\\\/Logo-Pole-dAppui-et-de-Ressources-Handicap-49-scaled-e1592996402341.jpg\",\"contentUrl\":\"http:\\\/\\\/poleressourceshandicap49.fr\\\/wp-content\\\/uploads\\\/2020\\\/06\\\/Logo-Pole-dAppui-et-de-Ressources-Handicap-49-scaled-e1592996402341.jpg\",\"width\":200,\"height\":211,\"caption\":\"P\u00f4le d'Appui et de Ressources Handicap 49\"},\"image\":{\"@id\":\"https:\\\/\\\/poleressourceshandicap49.fr\\\/#\\\/schema\\\/logo\\\/image\\\/\"},\"sameAs\":[\"https:\\\/\\\/www.facebook.com\\\/P\u00f4le-dAppui-et-de-Ressources-Handicap-49-108917610902286\",\"https:\\\/\\\/www.youtube.com\\\/channel\\\/UCM1d4YPElEjLn1TAOvP7OtA\\\/\"]}]}<\/script>\n<!-- \/ Yoast SEO plugin. -->","yoast_head_json":{"title":"R\u00e9server une malle p\u00e9dagogique - P\u00f4le d&#039;Appui et de Ressources Handicap 49","robots":{"index":"index","follow":"follow","max-snippet":"max-snippet:-1","max-image-preview":"max-image-preview:large","max-video-preview":"max-video-preview:-1"},"canonical":"https:\/\/poleressourceshandicap49.fr\/index.php\/reserver-une-malle-pedagogique-familles\/","og_locale":"fr_FR","og_type":"article","og_title":"R\u00e9server une malle p\u00e9dagogique - P\u00f4le d&#039;Appui et de Ressources Handicap 49","og_description":"R\u00e9server une malle p\u00e9dagogique Disposez d&rsquo;outils pour partager des moments conviviaux D\u00e9couvrez nos malles p\u00e9dagogiques Malle 1 Gestion des \u00c9motions Malle 2 Langue des signes francaise (LSF) Malle 3 vie affective et sexuelle Malle 4 sensibilisation handi&rsquo;Cap Malle 5 Apprentissage Malle 6 Trouble du Spectre de l&rsquo;Autisme (TSA) et TROUBLE d\u00e9ficit de l&rsquo;attention avec ou &hellip; R\u00e9server une malle p\u00e9dagogique Lire la suite\u00a0\u00bb","og_url":"https:\/\/poleressourceshandicap49.fr\/index.php\/reserver-une-malle-pedagogique-familles\/","og_site_name":"P\u00f4le d&#039;Appui et de Ressources Handicap 49","article_publisher":"https:\/\/www.facebook.com\/P%c3%b4le-dAppui-et-de-Ressources-Handicap-49-108917610902286","article_modified_time":"2025-07-30T10:29:07+00:00","og_image":[{"url":"http:\/\/poleressourceshandicap49.fr\/wp-content\/uploads\/elementor\/thumbs\/Malle-1-Gestion-des-emotions-familles-1-os3xidczn3txjnq9j1pkhrx0h509krjrm6bo999trw.jpg","type":"","width":"","height":""}],"twitter_card":"summary_large_image","twitter_misc":{"Dur\u00e9e de lecture estim\u00e9e":"4 minutes"},"schema":{"@context":"https:\/\/schema.org","@graph":[{"@type":"WebPage","@id":"https:\/\/poleressourceshandicap49.fr\/index.php\/reserver-une-malle-pedagogique-familles\/","url":"https:\/\/poleressourceshandicap49.fr\/index.php\/reserver-une-malle-pedagogique-familles\/","name":"R\u00e9server une malle p\u00e9dagogique - P\u00f4le d&#039;Appui et de Ressources Handicap 49","isPartOf":{"@id":"https:\/\/poleressourceshandicap49.fr\/#website"},"primaryImageOfPage":{"@id":"https:\/\/poleressourceshandicap49.fr\/index.php\/reserver-une-malle-pedagogique-familles\/#primaryimage"},"image":{"@id":"https:\/\/poleressourceshandicap49.fr\/index.php\/reserver-une-malle-pedagogique-familles\/#primaryimage"},"thumbnailUrl":"http:\/\/poleressourceshandicap49.fr\/wp-content\/uploads\/elementor\/thumbs\/Malle-1-Gestion-des-emotions-familles-1-os3xidczn3txjnq9j1pkhrx0h509krjrm6bo999trw.jpg","datePublished":"2020-06-23T13:13:21+00:00","dateModified":"2025-07-30T10:29:07+00:00","breadcrumb":{"@id":"https:\/\/poleressourceshandicap49.fr\/index.php\/reserver-une-malle-pedagogique-familles\/#breadcrumb"},"inLanguage":"fr-FR","potentialAction":[{"@type":"ReadAction","target":["https:\/\/poleressourceshandicap49.fr\/index.php\/reserver-une-malle-pedagogique-familles\/"]}]},{"@type":"ImageObject","inLanguage":"fr-FR","@id":"https:\/\/poleressourceshandicap49.fr\/index.php\/reserver-une-malle-pedagogique-familles\/#primaryimage","url":"http:\/\/poleressourceshandicap49.fr\/wp-content\/uploads\/elementor\/thumbs\/Malle-1-Gestion-des-emotions-familles-1-os3xidczn3txjnq9j1pkhrx0h509krjrm6bo999trw.jpg","contentUrl":"http:\/\/poleressourceshandicap49.fr\/wp-content\/uploads\/elementor\/thumbs\/Malle-1-Gestion-des-emotions-familles-1-os3xidczn3txjnq9j1pkhrx0h509krjrm6bo999trw.jpg"},{"@type":"BreadcrumbList","@id":"https:\/\/poleressourceshandicap49.fr\/index.php\/reserver-une-malle-pedagogique-familles\/#breadcrumb","itemListElement":[{"@type":"ListItem","position":1,"name":"Accueil","item":"https:\/\/poleressourceshandicap49.fr\/"},{"@type":"ListItem","position":2,"name":"R\u00e9server une malle p\u00e9dagogique"}]},{"@type":"WebSite","@id":"https:\/\/poleressourceshandicap49.fr\/#website","url":"https:\/\/poleressourceshandicap49.fr\/","name":"P\u00f4le d'Appui et de Ressources Handicap 49","description":"Service d\u00e9di\u00e9 aux familles et aux professionnels de la petite enfance, de l animation et de clubs sportifs","publisher":{"@id":"https:\/\/poleressourceshandicap49.fr\/#organization"},"potentialAction":[{"@type":"SearchAction","target":{"@type":"EntryPoint","urlTemplate":"https:\/\/poleressourceshandicap49.fr\/?s={search_term_string}"},"query-input":{"@type":"PropertyValueSpecification","valueRequired":true,"valueName":"search_term_string"}}],"inLanguage":"fr-FR"},{"@type":"Organization","@id":"https:\/\/poleressourceshandicap49.fr\/#organization","name":"P\u00f4le d'Appui et de Ressources Handicap 49","url":"https:\/\/poleressourceshandicap49.fr\/","logo":{"@type":"ImageObject","inLanguage":"fr-FR","@id":"https:\/\/poleressourceshandicap49.fr\/#\/schema\/logo\/image\/","url":"http:\/\/poleressourceshandicap49.fr\/wp-content\/uploads\/2020\/06\/Logo-Pole-dAppui-et-de-Ressources-Handicap-49-scaled-e1592996402341.jpg","contentUrl":"http:\/\/poleressourceshandicap49.fr\/wp-content\/uploads\/2020\/06\/Logo-Pole-dAppui-et-de-Ressources-Handicap-49-scaled-e1592996402341.jpg","width":200,"height":211,"caption":"P\u00f4le d'Appui et de Ressources Handicap 49"},"image":{"@id":"https:\/\/poleressourceshandicap49.fr\/#\/schema\/logo\/image\/"},"sameAs":["https:\/\/www.facebook.com\/P\u00f4le-dAppui-et-de-Ressources-Handicap-49-108917610902286","https:\/\/www.youtube.com\/channel\/UCM1d4YPElEjLn1TAOvP7OtA\/"]}]}},"_links":{"self":[{"href":"https:\/\/poleressourceshandicap49.fr\/index.php\/wp-json\/wp\/v2\/pages\/1520","targetHints":{"allow":["GET"]}}],"collection":[{"href":"https:\/\/poleressourceshandicap49.fr\/index.php\/wp-json\/wp\/v2\/pages"}],"about":[{"href":"https:\/\/poleressourceshandicap49.fr\/index.php\/wp-json\/wp\/v2\/types\/page"}],"author":[{"embeddable":true,"href":"https:\/\/poleressourceshandicap49.fr\/index.php\/wp-json\/wp\/v2\/users\/1"}],"replies":[{"embeddable":true,"href":"https:\/\/poleressourceshandicap49.fr\/index.php\/wp-json\/wp\/v2\/comments?post=1520"}],"version-history":[{"count":116,"href":"https:\/\/poleressourceshandicap49.fr\/index.php\/wp-json\/wp\/v2\/pages\/1520\/revisions"}],"predecessor-version":[{"id":3755,"href":"https:\/\/poleressourceshandicap49.fr\/index.php\/wp-json\/wp\/v2\/pages\/1520\/revisions\/3755"}],"wp:attachment":[{"href":"https:\/\/poleressourceshandicap49.fr\/index.php\/wp-json\/wp\/v2\/media?parent=1520"}],"curies":[{"name":"wp","href":"https:\/\/api.w.org\/{rel}","templated":true}]}}